{"id":5296,"date":"2022-07-26T14:36:10","date_gmt":"2022-07-26T12:36:10","guid":{"rendered":"https:\/\/www.pharmefficare.com\/espace-pharmacien\/?post_type=product&#038;p=5296"},"modified":"2022-07-26T14:36:10","modified_gmt":"2022-07-26T12:36:10","slug":"pure-valeriana-plus","status":"publish","type":"product","link":"https:\/\/www.pharmefficare.com\/espace-pharmacien\/produit\/pure-valeriana-plus\/","title":{"rendered":"Pure Valeriana Plus"},"content":{"rendered":"<ul class=\"ul1\" data-sanitized-data-mce-fragment=\"1\">\n<li class=\"li1\" data-sanitized-data-mce-fragment=\"1\">La val\u00e9riane offre une bonne nuit de sommeil, pour se r\u00e9veiller repos\u00e9 le matin.<\/li>\n<li class=\"li1\" data-sanitized-data-mce-fragment=\"1\">La val\u00e9riane aide \u00e0 s\u2019endormir et am\u00e9liore la qualit\u00e9 du sommeil.<\/li>\n<li class=\"li1\" data-sanitized-data-mce-fragment=\"1\">La passiflore apaise la charge mentale et les situations de stress temporaires.<\/li>\n<li class=\"li1\" data-sanitized-data-mce-fragment=\"1\">Le magn\u00e9sium contribue aux fonctions psychologiques normales, y compris la concentration et la capacit\u00e9 de raisonnement.<\/li>\n<li class=\"li1\" data-sanitized-data-mce-fragment=\"1\">Pour favoriser un sommeil r\u00e9parateur : de pr\u00e9f\u00e9rence 2 comprim\u00e9s une fois par jour, une demi-heure avant d\u2019aller dormir. En cas de tourment int\u00e9rieur au cours de la journ\u00e9e : de pr\u00e9f\u00e9rence\u00a01 comprim\u00e9 3 fois par jour. \u00c0 partir de 12 ans<\/li>\n<li class=\"li1\" data-sanitized-data-mce-fragment=\"1\">20\u00a0comprim\u00e9s<\/li>\n<\/ul>\n<p>&nbsp;<\/p>\n<p>&nbsp;<\/p>\n<pre><em>* Convient aux v\u00e9g\u00e9tariens et v\u00e9ganistes.<\/em>\r\n<em>Sans lactose-, gluten-, et soja.D\u00e9conseill\u00e9 aux femmes enceintes, aux femmes allaitantes ou aux personnes sensibles \u00e0 la caf\u00e9ine.\r\nGarder hors de la port\u00e9e et la vue d\u2019enfants. \r\nLa quantit\u00e9 quotidienne recommand\u00e9e ne peut \u00eatre d\u00e9pass\u00e9e. \r\nUn compl\u00e9ment alimentaire\u00a0n\u2019est pas une substitution d\u2019une alimentation vari\u00e9e et \u00e9quilibr\u00e9e et d\u2019un style de vie sain.\r\nConserver dans un endroit sec et frais. \r\n\u00c0 conserver dans son emballage d\u2019origine.<\/em><\/pre>\n","protected":false},"excerpt":{"rendered":"<p>La val\u00e9riane offre une bonne nuit de sommeil, pour se r\u00e9veiller repos\u00e9 le matin. La val\u00e9riane aide \u00e0 s\u2019endormir et am\u00e9liore la qualit\u00e9 du sommeil. La passiflore apaise la charge mentale et les situations de stress temporaires. Le magn\u00e9sium contribue aux fonctions psychologiques normales, y compris la concentration et la capacit\u00e9 de raisonnement. Pour favoriser &hellip;<\/p>\n<p class=\"read-more\"> <a class=\"\" href=\"https:\/\/www.pharmefficare.com\/espace-pharmacien\/produit\/pure-valeriana-plus\/\"> <span class=\"screen-reader-text\">Pure Valeriana Plus<\/span> Lire la suite\u00a0\u00bb<\/a><\/p>\n","protected":false},"featured_media":5297,"template":"","meta":{"site-sidebar-layout":"default","site-content-layout":"default","ast-global-header-display":"","ast-main-header-display":"","ast-hfb-above-header-display":"","ast-hfb-below-header-display":"","ast-hfb-mobile-header-display":"","site-post-title":"","ast-breadcrumbs-content":"","ast-featured-img":"","footer-sml-layout":"","theme-transparent-header-meta":"default","adv-header-id-meta":"","stick-header-meta":"","header-above-stick-meta":"","header-main-stick-meta":"","header-below-stick-meta":""},"product_cat":[179],"product_tag":[],"class_list":["post-5296","product","type-product","status-publish","has-post-thumbnail","hentry","product_cat-stress-sommeil-et-concentration"],"_links":{"self":[{"href":"https:\/\/www.pharmefficare.com\/espace-pharmacien\/wp-json\/wp\/v2\/product\/5296","targetHints":{"allow":["GET"]}}],"collection":[{"href":"https:\/\/www.pharmefficare.com\/espace-pharmacien\/wp-json\/wp\/v2\/product"}],"about":[{"href":"https:\/\/www.pharmefficare.com\/espace-pharmacien\/wp-json\/wp\/v2\/types\/product"}],"wp:featuredmedia":[{"embeddable":true,"href":"https:\/\/www.pharmefficare.com\/espace-pharmacien\/wp-json\/wp\/v2\/media\/5297"}],"wp:attachment":[{"href":"https:\/\/www.pharmefficare.com\/espace-pharmacien\/wp-json\/wp\/v2\/media?parent=5296"}],"wp:term":[{"taxonomy":"product_cat","embeddable":true,"href":"https:\/\/www.pharmefficare.com\/espace-pharmacien\/wp-json\/wp\/v2\/product_cat?post=5296"},{"taxonomy":"product_tag","embeddable":true,"href":"https:\/\/www.pharmefficare.com\/espace-pharmacien\/wp-json\/wp\/v2\/product_tag?post=5296"}],"curies":[{"name":"wp","href":"https:\/\/api.w.org\/{rel}","templated":true}]}}