{"id":5291,"date":"2022-07-26T14:28:45","date_gmt":"2022-07-26T12:28:45","guid":{"rendered":"https:\/\/www.pharmefficare.com\/espace-pharmacien\/?post_type=product&#038;p=5291"},"modified":"2022-07-26T14:28:45","modified_gmt":"2022-07-26T12:28:45","slug":"pure-magne-b-relax","status":"publish","type":"product","link":"https:\/\/www.pharmefficare.com\/espace-pharmacien\/produit\/pure-magne-b-relax\/","title":{"rendered":"Pure Magne-B-Relax"},"content":{"rendered":"<div class=\"page\" title=\"Page 1\" data-sanitized-data-mce-fragment=\"1\">\n<div class=\"section\" data-sanitized-data-mce-fragment=\"1\">\n<div class=\"layoutArea\" data-sanitized-data-mce-fragment=\"1\">\n<div class=\"column\" data-sanitized-data-mce-fragment=\"1\">\n<p data-sanitized-data-mce-fragment=\"1\">Le magn\u00e9sium joue un r\u00f4le dans le maintien d\u2019une bonne fonction musculaire et contribue \u00e0 la transmission normale de l\u2019influx nerveux. L\u2019acide folique et la vitamine B12 jouent un r\u00f4le dans la division cellulaire, tandis que l\u2019acide folique est \u00e9galement bon pour la production d\u2019acides amin\u00e9s (les \u00e9l\u00e9ments constitutifs des prot\u00e9ines). La vitamine B6 contribue au m\u00e9tabolisme normal du glycog\u00e8ne. L\u2019acide folique contribue \u00e0 une fonction psychologique normale, notamment \u00e0 la r\u00e9sistance au stress. Les vitamines B12, B11, B6 et le magn\u00e9sium contribuent \u00e0 r\u00e9duire la fatigue.<\/p>\n<\/div>\n<\/div>\n<\/div>\n<\/div>\n<ul class=\"ul1\" data-sanitized-data-mce-fragment=\"1\">\n<li class=\"li1\" data-sanitized-data-mce-fragment=\"1\">Dose \u00e9lev\u00e9e de magn\u00e9sium associ\u00e9e \u00e0 de la taurine, de l\u2019acide folique et des vitamines B12 et B6.<\/li>\n<li class=\"li1\" data-sanitized-data-mce-fragment=\"1\">Absorption et biodisponibilit\u00e9 optimales du magnesium gr\u00e2ce \u00e0 la forme glyc\u00e9rophosphate.<\/li>\n<li class=\"li1\" data-sanitized-data-mce-fragment=\"1\">Le magn\u00e9sium et les vitamines B12 et B6 contribuent \u00e0 maintenir des fonctions psychologiques saines, y compris la capacit\u00e9 de se concentrer et de raisonner.<\/li>\n<li class=\"li1\" data-sanitized-data-mce-fragment=\"1\">100% m\u00e9thylcobalamine, la forme biologiquement active de la vitamine B12 directement utilisable.<\/li>\n<li class=\"li1\" data-sanitized-data-mce-fragment=\"1\">Potentiel suppl\u00e9mentaire gr\u00e2ce \u00e0 la taurine.<\/li>\n<li class=\"li1\" data-sanitized-data-mce-fragment=\"1\">2 comprim\u00e9s\/jour<\/li>\n<\/ul>\n<p>&nbsp;<\/p>\n<pre><em>* Convient aux v\u00e9g\u00e9tariens et v\u00e9ganistes.<\/em>\r\n<em>Sans lactose-, gluten-, et soja.D\u00e9conseill\u00e9 aux femmes enceintes, aux femmes allaitantes ou aux personnes sensibles \u00e0 la caf\u00e9ine.\r\nGarder hors de la port\u00e9e et la vue d\u2019enfants. \r\nLa quantit\u00e9 quotidienne recommand\u00e9e ne peut \u00eatre d\u00e9pass\u00e9e. \r\nUn compl\u00e9ment alimentaire\u00a0n\u2019est pas une substitution d\u2019une alimentation vari\u00e9e et \u00e9quilibr\u00e9e et d\u2019un style de vie sain.\r\nConserver dans un endroit sec et frais. \r\n\u00c0 conserver dans son emballage d\u2019origine.<\/em><\/pre>\n","protected":false},"excerpt":{"rendered":"<p>Le magn\u00e9sium joue un r\u00f4le dans le maintien d\u2019une bonne fonction musculaire et contribue \u00e0 la transmission normale de l\u2019influx nerveux. L\u2019acide folique et la vitamine B12 jouent un r\u00f4le dans la division cellulaire, tandis que l\u2019acide folique est \u00e9galement bon pour la production d\u2019acides amin\u00e9s (les \u00e9l\u00e9ments constitutifs des prot\u00e9ines). La vitamine B6 contribue &hellip;<\/p>\n<p class=\"read-more\"> <a class=\"\" href=\"https:\/\/www.pharmefficare.com\/espace-pharmacien\/produit\/pure-magne-b-relax\/\"> <span class=\"screen-reader-text\">Pure Magne-B-Relax<\/span> Lire la suite\u00a0\u00bb<\/a><\/p>\n","protected":false},"featured_media":5293,"template":"","meta":{"site-sidebar-layout":"default","site-content-layout":"default","ast-global-header-display":"","ast-main-header-display":"","ast-hfb-above-header-display":"","ast-hfb-below-header-display":"","ast-hfb-mobile-header-display":"","site-post-title":"","ast-breadcrumbs-content":"","ast-featured-img":"","footer-sml-layout":"","theme-transparent-header-meta":"default","adv-header-id-meta":"","stick-header-meta":"","header-above-stick-meta":"","header-main-stick-meta":"","header-below-stick-meta":""},"product_cat":[178,179],"product_tag":[],"class_list":["post-5291","product","type-product","status-publish","has-post-thumbnail","hentry","product_cat-muscles-articulations-et-ossature","product_cat-stress-sommeil-et-concentration"],"_links":{"self":[{"href":"https:\/\/www.pharmefficare.com\/espace-pharmacien\/wp-json\/wp\/v2\/product\/5291","targetHints":{"allow":["GET"]}}],"collection":[{"href":"https:\/\/www.pharmefficare.com\/espace-pharmacien\/wp-json\/wp\/v2\/product"}],"about":[{"href":"https:\/\/www.pharmefficare.com\/espace-pharmacien\/wp-json\/wp\/v2\/types\/product"}],"wp:featuredmedia":[{"embeddable":true,"href":"https:\/\/www.pharmefficare.com\/espace-pharmacien\/wp-json\/wp\/v2\/media\/5293"}],"wp:attachment":[{"href":"https:\/\/www.pharmefficare.com\/espace-pharmacien\/wp-json\/wp\/v2\/media?parent=5291"}],"wp:term":[{"taxonomy":"product_cat","embeddable":true,"href":"https:\/\/www.pharmefficare.com\/espace-pharmacien\/wp-json\/wp\/v2\/product_cat?post=5291"},{"taxonomy":"product_tag","embeddable":true,"href":"https:\/\/www.pharmefficare.com\/espace-pharmacien\/wp-json\/wp\/v2\/product_tag?post=5291"}],"curies":[{"name":"wp","href":"https:\/\/api.w.org\/{rel}","templated":true}]}}