{"id":5286,"date":"2022-07-26T11:29:59","date_gmt":"2022-07-26T09:29:59","guid":{"rendered":"https:\/\/www.pharmefficare.com\/espace-pharmacien\/?post_type=product&#038;p=5286"},"modified":"2022-07-26T11:29:59","modified_gmt":"2022-07-26T09:29:59","slug":"pure-curcuma-plus","status":"publish","type":"product","link":"https:\/\/www.pharmefficare.com\/espace-pharmacien\/produit\/pure-curcuma-plus\/","title":{"rendered":"Pure Curcuma Plus"},"content":{"rendered":"<p data-sanitized-data-mce-fragment=\"1\">Le curcuma aide \u00e0 garder les articulations souples et contribue \u00e0 la solidit\u00e9 des os.\u00a0La vitamine C joue un r\u00f4le dans la formation normale de collag\u00e8ne afin de maintenir le fonctionnement du cartillage et des os.\u00a0La vitamine D est bonne pour maintenir le niveau normal de calcium dans le sang et contribue \u00e0 la bonne sant\u00e9 des os et au bon fonctionnement des muscles.<\/p>\n<ul data-sanitized-data-mce-fragment=\"1\">\n<li data-sanitized-data-mce-fragment=\"1\">L\u2019extrait de Curcuma Curcumin C3 complex est d\u2019une qualit\u00e9 prouv\u00e9e.<\/li>\n<li data-sanitized-data-mce-fragment=\"1\">Complexe naturel de curcumino\u00efdes, les principes actifs.<\/li>\n<li data-sanitized-data-mce-fragment=\"1\">30 comprim\u00e9s<\/li>\n<li data-sanitized-data-mce-fragment=\"1\">1 comprim\u00e9\/jour<br \/>\nCure de d\u00e9part: 2 comprim\u00e9s\/jour, pendant 2 semaines \u00c0 partir de 12 ans<br \/>\nNon recommand\u00e9 pendant la grossesse et l\u2019allaitement<\/li>\n<\/ul>\n<p>&nbsp;<\/p>\n<pre><em>* Convient aux v\u00e9g\u00e9tariens et v\u00e9ganistes.<\/em>\r\n<em>Sans lactose-, gluten-, et soja.D\u00e9conseill\u00e9 aux femmes enceintes, aux femmes allaitantes ou aux personnes sensibles \u00e0 la caf\u00e9ine.\r\nGarder hors de la port\u00e9e et la vue d\u2019enfants. \r\nLa quantit\u00e9 quotidienne recommand\u00e9e ne peut \u00eatre d\u00e9pass\u00e9e. \r\nUn compl\u00e9ment alimentaire\u00a0n\u2019est pas une substitution d\u2019une alimentation vari\u00e9e et \u00e9quilibr\u00e9e et d\u2019un style de vie sain.\r\nConserver dans un endroit sec et frais. \r\n\u00c0 conserver dans son emballage d\u2019origine.<\/em><\/pre>\n","protected":false},"excerpt":{"rendered":"<p>Le curcuma aide \u00e0 garder les articulations souples et contribue \u00e0 la solidit\u00e9 des os.\u00a0La vitamine C joue un r\u00f4le dans la formation normale de collag\u00e8ne afin de maintenir le fonctionnement du cartillage et des os.\u00a0La vitamine D est bonne pour maintenir le niveau normal de calcium dans le sang et contribue \u00e0 la bonne &hellip;<\/p>\n<p class=\"read-more\"> <a class=\"\" href=\"https:\/\/www.pharmefficare.com\/espace-pharmacien\/produit\/pure-curcuma-plus\/\"> <span class=\"screen-reader-text\">Pure Curcuma Plus<\/span> Lire la suite\u00a0\u00bb<\/a><\/p>\n","protected":false},"featured_media":5287,"template":"","meta":{"site-sidebar-layout":"default","site-content-layout":"default","ast-global-header-display":"","ast-main-header-display":"","ast-hfb-above-header-display":"","ast-hfb-below-header-display":"","ast-hfb-mobile-header-display":"","site-post-title":"","ast-breadcrumbs-content":"","ast-featured-img":"","footer-sml-layout":"","theme-transparent-header-meta":"default","adv-header-id-meta":"","stick-header-meta":"","header-above-stick-meta":"","header-main-stick-meta":"","header-below-stick-meta":""},"product_cat":[178],"product_tag":[],"class_list":["post-5286","product","type-product","status-publish","has-post-thumbnail","hentry","product_cat-muscles-articulations-et-ossature"],"_links":{"self":[{"href":"https:\/\/www.pharmefficare.com\/espace-pharmacien\/wp-json\/wp\/v2\/product\/5286","targetHints":{"allow":["GET"]}}],"collection":[{"href":"https:\/\/www.pharmefficare.com\/espace-pharmacien\/wp-json\/wp\/v2\/product"}],"about":[{"href":"https:\/\/www.pharmefficare.com\/espace-pharmacien\/wp-json\/wp\/v2\/types\/product"}],"wp:featuredmedia":[{"embeddable":true,"href":"https:\/\/www.pharmefficare.com\/espace-pharmacien\/wp-json\/wp\/v2\/media\/5287"}],"wp:attachment":[{"href":"https:\/\/www.pharmefficare.com\/espace-pharmacien\/wp-json\/wp\/v2\/media?parent=5286"}],"wp:term":[{"taxonomy":"product_cat","embeddable":true,"href":"https:\/\/www.pharmefficare.com\/espace-pharmacien\/wp-json\/wp\/v2\/product_cat?post=5286"},{"taxonomy":"product_tag","embeddable":true,"href":"https:\/\/www.pharmefficare.com\/espace-pharmacien\/wp-json\/wp\/v2\/product_tag?post=5286"}],"curies":[{"name":"wp","href":"https:\/\/api.w.org\/{rel}","templated":true}]}}