{"id":5279,"date":"2022-07-26T11:00:26","date_gmt":"2022-07-26T09:00:26","guid":{"rendered":"https:\/\/www.pharmefficare.com\/espace-pharmacien\/?post_type=product&#038;p=5279"},"modified":"2022-07-26T11:00:26","modified_gmt":"2022-07-26T09:00:26","slug":"pure-ferro-forte","status":"publish","type":"product","link":"https:\/\/www.pharmefficare.com\/espace-pharmacien\/produit\/pure-ferro-forte\/","title":{"rendered":"Pure Ferro FORTE"},"content":{"rendered":"<div class=\"page\" title=\"Page 1\" data-sanitized-data-mce-fragment=\"1\">\n<div class=\"section\" data-sanitized-data-mce-fragment=\"1\">\n<div class=\"layoutArea\" data-sanitized-data-mce-fragment=\"1\">\n<div class=\"column\" data-sanitized-data-mce-fragment=\"1\">\n<p data-sanitized-data-mce-fragment=\"1\">Le fer aide \u00e0 r\u00e9duire la fatigue, favorise la formation de globules rouges et contribue au transport normal de l\u2019oxyg\u00e8ne dans l\u2019organisme. Comme compl\u00e9ment alimentaire en cas d\u2019une importante carence en fer.<\/p>\n<\/div>\n<\/div>\n<\/div>\n<\/div>\n<ul class=\"ul1\" data-sanitized-data-mce-fragment=\"1\">\n<li class=\"li1\" data-sanitized-data-mce-fragment=\"1\">Ferronyl Iron\u00ae sous forme de fer sup\u00e9rieur avec une biodisponibilit\u00e9 optimale.<\/li>\n<li class=\"li1\" data-sanitized-data-mce-fragment=\"1\">Absence de probl\u00e8mes gastro-intestinaux gr\u00e2ce \u00e0 98 \u00e0 100% de fer \u00e9l\u00e9mentaire.<\/li>\n<li class=\"li1\" data-sanitized-data-mce-fragment=\"1\">Dose plus faible requise par rapport au sulfate de fer, au gluconate de fer ou au fumarate de fer.<\/li>\n<li class=\"li1\" data-sanitized-data-mce-fragment=\"1\">En compl\u00e9ment d\u2019une carence en fer importante<\/li>\n<li data-sanitized-data-mce-fragment=\"1\">Absorption progressive et lente pendant 6 \u00e0 8 heures.<\/li>\n<li data-sanitized-data-mce-fragment=\"1\">1 comprim\u00e9\/jour<\/li>\n<li data-sanitized-data-mce-fragment=\"1\">60 Comprim\u00e9s<\/li>\n<\/ul>\n<p>&nbsp;<\/p>\n<pre><em>* Convient aux v\u00e9g\u00e9tariens et v\u00e9ganistes.<\/em>\r\n<em>Sans lactose-, gluten-, et soja.D\u00e9conseill\u00e9 aux femmes enceintes, aux femmes allaitantes ou aux personnes sensibles \u00e0 la caf\u00e9ine.\r\nGarder hors de la port\u00e9e et la vue d\u2019enfants. \r\nLa quantit\u00e9 quotidienne recommand\u00e9e ne peut \u00eatre d\u00e9pass\u00e9e. \r\nUn compl\u00e9ment alimentaire\u00a0n\u2019est pas une substitution d\u2019une alimentation vari\u00e9e et \u00e9quilibr\u00e9e et d\u2019un style de vie sain.\r\nConserver dans un endroit sec et frais. \r\n\u00c0 conserver dans son emballage d\u2019origine.<\/em><\/pre>\n","protected":false},"excerpt":{"rendered":"<p>Le fer aide \u00e0 r\u00e9duire la fatigue, favorise la formation de globules rouges et contribue au transport normal de l\u2019oxyg\u00e8ne dans l\u2019organisme. Comme compl\u00e9ment alimentaire en cas d\u2019une importante carence en fer. Ferronyl Iron\u00ae sous forme de fer sup\u00e9rieur avec une biodisponibilit\u00e9 optimale. Absence de probl\u00e8mes gastro-intestinaux gr\u00e2ce \u00e0 98 \u00e0 100% de fer \u00e9l\u00e9mentaire. &hellip;<\/p>\n<p class=\"read-more\"> <a class=\"\" href=\"https:\/\/www.pharmefficare.com\/espace-pharmacien\/produit\/pure-ferro-forte\/\"> <span class=\"screen-reader-text\">Pure Ferro FORTE<\/span> Lire la suite\u00a0\u00bb<\/a><\/p>\n","protected":false},"featured_media":5280,"template":"","meta":{"site-sidebar-layout":"default","site-content-layout":"default","ast-global-header-display":"","ast-main-header-display":"","ast-hfb-above-header-display":"","ast-hfb-below-header-display":"","ast-hfb-mobile-header-display":"","site-post-title":"","ast-breadcrumbs-content":"","ast-featured-img":"","footer-sml-layout":"","theme-transparent-header-meta":"default","adv-header-id-meta":"","stick-header-meta":"","header-above-stick-meta":"","header-main-stick-meta":"","header-below-stick-meta":""},"product_cat":[176],"product_tag":[],"class_list":["post-5279","product","type-product","status-publish","has-post-thumbnail","hentry","product_cat-energie"],"_links":{"self":[{"href":"https:\/\/www.pharmefficare.com\/espace-pharmacien\/wp-json\/wp\/v2\/product\/5279","targetHints":{"allow":["GET"]}}],"collection":[{"href":"https:\/\/www.pharmefficare.com\/espace-pharmacien\/wp-json\/wp\/v2\/product"}],"about":[{"href":"https:\/\/www.pharmefficare.com\/espace-pharmacien\/wp-json\/wp\/v2\/types\/product"}],"wp:featuredmedia":[{"embeddable":true,"href":"https:\/\/www.pharmefficare.com\/espace-pharmacien\/wp-json\/wp\/v2\/media\/5280"}],"wp:attachment":[{"href":"https:\/\/www.pharmefficare.com\/espace-pharmacien\/wp-json\/wp\/v2\/media?parent=5279"}],"wp:term":[{"taxonomy":"product_cat","embeddable":true,"href":"https:\/\/www.pharmefficare.com\/espace-pharmacien\/wp-json\/wp\/v2\/product_cat?post=5279"},{"taxonomy":"product_tag","embeddable":true,"href":"https:\/\/www.pharmefficare.com\/espace-pharmacien\/wp-json\/wp\/v2\/product_tag?post=5279"}],"curies":[{"name":"wp","href":"https:\/\/api.w.org\/{rel}","templated":true}]}}