{"id":5271,"date":"2022-07-26T10:09:39","date_gmt":"2022-07-26T08:09:39","guid":{"rendered":"https:\/\/www.pharmefficare.com\/espace-pharmacien\/?post_type=product&#038;p=5271"},"modified":"2022-07-26T10:09:40","modified_gmt":"2022-07-26T08:09:40","slug":"pure-b-forte","status":"publish","type":"product","link":"https:\/\/www.pharmefficare.com\/espace-pharmacien\/produit\/pure-b-forte\/","title":{"rendered":"Pure B FORTE"},"content":{"rendered":"<p class=\"p1\" data-sanitized-data-mce-fragment=\"1\">\u00a0Les vitamines B contribuent \u00e0 une bonne sant\u00e9. Plus pr\u00e9cis\u00e9ment, la combinaison de vitamines B12-B11-B8-B6 est b\u00e9n\u00e9fique du fait que l\u2019action physiologique de cette combinaison est tr\u00e8s \u00e9troitement li\u00e9e. Elles agissent dans une large mesure en synergie et en soutien \u00e0 un m\u00e9tabolisme \u00e9nerg\u00e9tique normal<\/p>\n<div class=\"page\" title=\"Page 1\">\n<div class=\"layoutArea\">\n<div class=\"column\">\n<ul>\n<li>Formulation id\u00e9ale en cas de carence en vitamine B (B12, B8, B6) et d\u2019un besoin suppl\u00e9mentaire en acide folique.<\/li>\n<li>Dose tr\u00e8s \u00e9lev\u00e9e de vitamine B12 en associ\u00e9e \u00e0 de l\u2019acide folique sous forme active, de la biotine et de la vitamine B6.<\/li>\n<li>100 % m\u00e9thylcobalamine et acide m\u00e9thylt\u00e9trahydrofolique, les formes biologiquement actives directement utilisables de la vitamine B12 et de l\u2019acide folique.<\/li>\n<li>Absorption par la muqueuse buccale : plus efficace si le tractus gastro-intestinal est contourn\u00e9 .<\/li>\n<li>L\u2019acide folique sous forme active joue un r\u00f4le dans le processus de division cellulaire, y compris la division des globules blancs (ou cellules immunitaires).<\/li>\n<li>L\u2019acide folique sous forme active joue un r\u00f4le dans les fonctions psychologiques normales, notamment la concentration, l\u2019apprentissage, la m\u00e9moire et le raisonnement, ainsi que la r\u00e9sistance au stress.<\/li>\n<li>La biotine (B8) est \u00e9galement bonne pour maintenir une peau et des cheveux sains.<\/li>\n<li>En forme mentalement et physiquement. L\u2019acide folique et les vitamines B12 et B6 aident \u00e0 r\u00e9duire la fatigue.<\/li>\n<li>La vitamine B12, l\u2019acide folique actif et la vitamine B6 aident \u00e0 maintenir le bon fonctionnement du syst\u00e8me immunitaire.<\/li>\n<li>Les vitamines B12, B11, B8 et B6 jouent un r\u00f4le dans le m\u00e9tabolisme \u00e9nerg\u00e9tique normal.<\/li>\n<li>1 comprim\u00e9 orodispersible\/jour (go\u00fbt fraise agr\u00e9able)<\/li>\n<\/ul>\n<\/div>\n<\/div>\n<\/div>\n<pre><em>* Convient aux v\u00e9g\u00e9tariens et v\u00e9ganistes.<\/em>\r\n<em>Sans lactose-, gluten-, et soja.D\u00e9conseill\u00e9 aux femmes enceintes, aux femmes allaitantes ou aux personnes sensibles \u00e0 la caf\u00e9ine.\r\nGarder hors de la port\u00e9e et la vue d\u2019enfants. \r\nLa quantit\u00e9 quotidienne recommand\u00e9e ne peut \u00eatre d\u00e9pass\u00e9e. \r\nUn compl\u00e9ment alimentaire\u00a0n\u2019est pas une substitution d\u2019une alimentation vari\u00e9e et \u00e9quilibr\u00e9e et d\u2019un style de vie sain.\r\nConserver dans un endroit sec et frais. \r\n\u00c0 conserver dans son emballage d\u2019origine.<\/em><\/pre>\n","protected":false},"excerpt":{"rendered":"<p>\u00a0Les vitamines B contribuent \u00e0 une bonne sant\u00e9. Plus pr\u00e9cis\u00e9ment, la combinaison de vitamines B12-B11-B8-B6 est b\u00e9n\u00e9fique du fait que l\u2019action physiologique de cette combinaison est tr\u00e8s \u00e9troitement li\u00e9e. Elles agissent dans une large mesure en synergie et en soutien \u00e0 un m\u00e9tabolisme \u00e9nerg\u00e9tique normal Formulation id\u00e9ale en cas de carence en vitamine B (B12, &hellip;<\/p>\n<p class=\"read-more\"> <a class=\"\" href=\"https:\/\/www.pharmefficare.com\/espace-pharmacien\/produit\/pure-b-forte\/\"> <span class=\"screen-reader-text\">Pure B FORTE<\/span> Lire la suite\u00a0\u00bb<\/a><\/p>\n","protected":false},"featured_media":5272,"template":"","meta":{"site-sidebar-layout":"default","site-content-layout":"default","ast-global-header-display":"","ast-main-header-display":"","ast-hfb-above-header-display":"","ast-hfb-below-header-display":"","ast-hfb-mobile-header-display":"","site-post-title":"","ast-breadcrumbs-content":"","ast-featured-img":"","footer-sml-layout":"","theme-transparent-header-meta":"default","adv-header-id-meta":"","stick-header-meta":"","header-above-stick-meta":"","header-main-stick-meta":"","header-below-stick-meta":""},"product_cat":[176,177,182],"product_tag":[],"class_list":["post-5271","product","type-product","status-publish","has-post-thumbnail","hentry","product_cat-energie","product_cat-immunite","product_cat-systeme-nerveux-et-peau"],"_links":{"self":[{"href":"https:\/\/www.pharmefficare.com\/espace-pharmacien\/wp-json\/wp\/v2\/product\/5271","targetHints":{"allow":["GET"]}}],"collection":[{"href":"https:\/\/www.pharmefficare.com\/espace-pharmacien\/wp-json\/wp\/v2\/product"}],"about":[{"href":"https:\/\/www.pharmefficare.com\/espace-pharmacien\/wp-json\/wp\/v2\/types\/product"}],"wp:featuredmedia":[{"embeddable":true,"href":"https:\/\/www.pharmefficare.com\/espace-pharmacien\/wp-json\/wp\/v2\/media\/5272"}],"wp:attachment":[{"href":"https:\/\/www.pharmefficare.com\/espace-pharmacien\/wp-json\/wp\/v2\/media?parent=5271"}],"wp:term":[{"taxonomy":"product_cat","embeddable":true,"href":"https:\/\/www.pharmefficare.com\/espace-pharmacien\/wp-json\/wp\/v2\/product_cat?post=5271"},{"taxonomy":"product_tag","embeddable":true,"href":"https:\/\/www.pharmefficare.com\/espace-pharmacien\/wp-json\/wp\/v2\/product_tag?post=5271"}],"curies":[{"name":"wp","href":"https:\/\/api.w.org\/{rel}","templated":true}]}}