{"id":5254,"date":"2022-07-21T11:31:25","date_gmt":"2022-07-21T09:31:25","guid":{"rendered":"https:\/\/www.pharmefficare.com\/espace-pharmacien\/?post_type=product&#038;p=5254"},"modified":"2022-07-21T11:33:09","modified_gmt":"2022-07-21T09:33:09","slug":"pure-d-forte","status":"publish","type":"product","link":"https:\/\/www.pharmefficare.com\/espace-pharmacien\/produit\/pure-d-forte\/","title":{"rendered":"Pure D Forte"},"content":{"rendered":"<p data-sanitized-data-mce-fragment=\"1\">La vitamine D favorise l\u2019absorption normale du calcium, contribue \u00e0 la solidit\u00e9 des os et est \u00e9galement favorable \u00e0 la fonction normale des muscles. Les besoins en vitamine D augmentent avec l\u2019\u00e2ge, pendant la grossesse, pendant les mois d\u2019hiver, si vous passez beaucoup de temps \u00e0 l\u2019int\u00e9rieur ou si vous avez la peau fonc\u00e9e. D\u00e8s que le soleil brille sur la peau, le corps produit lui-m\u00eame de la vitamine D, d\u2019o\u00f9 son nom de vitamine du soleil. Une carence en Vitamine D est fr\u00e9quente pendant les sombres mois d\u2019hiver. La vitamine D aide \u00e0 maintenir le bon fonctionnement du syst\u00e8me immunitaire (syst\u00e8me immunitaire inn\u00e9 et adaptatif).<\/p>\n<ul data-sanitized-data-mce-fragment=\"1\">\n<li data-sanitized-data-mce-fragment=\"1\">La vitamine D3 est la forme la plus efficace de vitamine D sur le plan physiologique.<\/li>\n<li data-sanitized-data-mce-fragment=\"1\">Id\u00e9al pour les plus de 60 ans, car la vitamine D (au moins 20 \u03bcg par jour) aide \u00e0 r\u00e9duire le risque de chute.\u00a0La chute est un facteur de risque de fractures osseuses chez l\u2019homme et la femme de 60 ans et plus<\/li>\n<li data-sanitized-data-mce-fragment=\"1\">Particuli\u00e8rement recommand\u00e9 en cas de production r\u00e9duite de vitamine D en automne et en hiver.<\/li>\n<li data-sanitized-data-mce-fragment=\"1\">Petit comprim\u00e9 \u00e0 croquer, peut \u00e9galement \u00eatre suc\u00e9 ou aval\u00e9.<\/li>\n<li data-sanitized-data-mce-fragment=\"1\">D\u00e9licieux go\u00fbt d\u2019agrumes.<\/li>\n<li data-sanitized-data-mce-fragment=\"1\">1 comprim\u00e9 \u00e0 croquer\/jour (agr\u00e9able saveur d\u2019agrumes)<\/li>\n<li data-sanitized-data-mce-fragment=\"1\"><span class=\"s1\">90 <\/span>comprim\u00e9s<\/li>\n<\/ul>\n<p>&nbsp;<\/p>\n<pre><em>* Convient aux v\u00e9g\u00e9tariens et v\u00e9ganistes.<\/em>\r\n<em>Sans lactose-, gluten-, et soja.D\u00e9conseill\u00e9 aux femmes enceintes, aux femmes allaitantes ou aux personnes sensibles \u00e0 la caf\u00e9ine.\r\nGarder hors de la port\u00e9e et la vue d\u2019enfants. \r\nLa quantit\u00e9 quotidienne recommand\u00e9e ne peut \u00eatre d\u00e9pass\u00e9e. \r\nUn compl\u00e9ment alimentaire\u00a0n\u2019est pas une substitution d\u2019une alimentation vari\u00e9e et \u00e9quilibr\u00e9e et d\u2019un style de vie sain.\r\nConserver dans un endroit sec et frais. \r\n\u00c0 conserver dans son emballage d\u2019origine.<\/em><\/pre>\n","protected":false},"excerpt":{"rendered":"<p>La vitamine D favorise l\u2019absorption normale du calcium, contribue \u00e0 la solidit\u00e9 des os et est \u00e9galement favorable \u00e0 la fonction normale des muscles. Les besoins en vitamine D augmentent avec l\u2019\u00e2ge, pendant la grossesse, pendant les mois d\u2019hiver, si vous passez beaucoup de temps \u00e0 l\u2019int\u00e9rieur ou si vous avez la peau fonc\u00e9e. D\u00e8s &hellip;<\/p>\n<p class=\"read-more\"> <a class=\"\" href=\"https:\/\/www.pharmefficare.com\/espace-pharmacien\/produit\/pure-d-forte\/\"> <span class=\"screen-reader-text\">Pure D Forte<\/span> Lire la suite\u00a0\u00bb<\/a><\/p>\n","protected":false},"featured_media":5255,"template":"","meta":{"site-sidebar-layout":"default","site-content-layout":"default","ast-global-header-display":"","ast-main-header-display":"","ast-hfb-above-header-display":"","ast-hfb-below-header-display":"","ast-hfb-mobile-header-display":"","site-post-title":"","ast-breadcrumbs-content":"","ast-featured-img":"","footer-sml-layout":"","theme-transparent-header-meta":"default","adv-header-id-meta":"","stick-header-meta":"","header-above-stick-meta":"","header-main-stick-meta":"","header-below-stick-meta":""},"product_cat":[176],"product_tag":[185,184],"class_list":["post-5254","product","type-product","status-publish","has-post-thumbnail","hentry","product_cat-energie","product_tag-complements","product_tag-pure"],"_links":{"self":[{"href":"https:\/\/www.pharmefficare.com\/espace-pharmacien\/wp-json\/wp\/v2\/product\/5254","targetHints":{"allow":["GET"]}}],"collection":[{"href":"https:\/\/www.pharmefficare.com\/espace-pharmacien\/wp-json\/wp\/v2\/product"}],"about":[{"href":"https:\/\/www.pharmefficare.com\/espace-pharmacien\/wp-json\/wp\/v2\/types\/product"}],"wp:featuredmedia":[{"embeddable":true,"href":"https:\/\/www.pharmefficare.com\/espace-pharmacien\/wp-json\/wp\/v2\/media\/5255"}],"wp:attachment":[{"href":"https:\/\/www.pharmefficare.com\/espace-pharmacien\/wp-json\/wp\/v2\/media?parent=5254"}],"wp:term":[{"taxonomy":"product_cat","embeddable":true,"href":"https:\/\/www.pharmefficare.com\/espace-pharmacien\/wp-json\/wp\/v2\/product_cat?post=5254"},{"taxonomy":"product_tag","embeddable":true,"href":"https:\/\/www.pharmefficare.com\/espace-pharmacien\/wp-json\/wp\/v2\/product_tag?post=5254"}],"curies":[{"name":"wp","href":"https:\/\/api.w.org\/{rel}","templated":true}]}}